{"id":1819,"date":"2023-11-09T22:45:03","date_gmt":"2023-11-09T22:45:03","guid":{"rendered":"https:\/\/noelmontreal.ca\/villagedenoel\/?post_type=programmation&#038;p=1819"},"modified":"2023-11-09T22:45:03","modified_gmt":"2023-11-09T22:45:03","slug":"11-30-23-dave-dery-and-great-triomphe","status":"publish","type":"programmation","link":"https:\/\/noelmontreal.ca\/villagedenoel\/programmation\/11-30-23-dave-dery-and-great-triomphe\/","title":{"rendered":"11\/30\/23 &#8211; Dave Dery and Great Triomphe"},"content":{"rendered":"\n<div class=\"wp-block-columns is-layout-flex wp-container-core-columns-is-layout-9d6595d7 wp-block-columns-is-layout-flex\">\n<div class=\"wp-block-column is-layout-flow wp-block-column-is-layout-flow\" style=\"flex-basis:66.66%\">\n<div class=\"wp-block-buttons is-content-justification-left is-layout-flex wp-container-core-buttons-is-layout-fdcfc74e wp-block-buttons-is-layout-flex\">\n<div class=\"wp-block-button is-style-outline btn-back-cf is-style-outline--1\"><a class=\"wp-block-button__link has-text-color\" href=\"https:\/\/noelmontreal.ca\/villagedenoel\/programmation-2023\/\" style=\"border-radius:0px;color:#254981\">Revenir \u00e0 la Programmation<\/a><\/div>\n<\/div>\n\n\n\n<div style=\"height:20px\" aria-hidden=\"true\" class=\"wp-block-spacer\"><\/div>\n\n\n<figure class=\"wp-block-post-featured-image\"><img fetchpriority=\"high\" decoding=\"async\" width=\"750\" height=\"465\" src=\"https:\/\/noelmontreal.ca\/villagedenoel\/wp-content\/uploads\/sites\/2\/2023\/11\/inbound6890595342395260613-Dave-Dery-750x465.jpg\" class=\"attachment-post-thumbnail size-post-thumbnail wp-post-image\" alt=\"\" style=\"object-fit:cover;\" \/><\/figure>\n\n\n<div style=\"height:20px\" aria-hidden=\"true\" class=\"wp-block-spacer\"><\/div>\n\n\n\n\n\n<p>Dave Dery est un jeune pianiste qui a eu l&rsquo;occasion de collaborer comme Pianiste pour plusieurs artistes qui ont fait La Voix et Star Acad\u00e9mie comme Yama Laurent, Dashny Jules, Chlo\u00e9 Doyon et a particip\u00e9 dans le premier EP de Tommy Tremblay, qui s&rsquo;intitule Petitom, comme arrangeur sur la chanson: \u00ab\u00a0I forgot, What is Love?\u00a0\u00bb. Il est le pianiste officiel de la Chorale Coeur Heureux qui se situe \u00e0 Verdun et a perform\u00e9 dans plusieurs festivals comme le festival AfroMonde \u00e0 Montr\u00e9al, le festival SunFest en Ontario, Festival de Rhum \u00e0 Montr\u00e9al et autre.<\/p>\n\n\n\n<p>Nous aurons Dave Dery comme directeur musical et pianiste pour la soir\u00e9e et Clivens Lazarre comme chanteur. Ils vous chanteront des chansons connues du temps des f\u00eates.<\/p>\n\n\n\n<figure class=\"wp-block-image size-large\"><img decoding=\"async\" width=\"890\" height=\"1024\" src=\"https:\/\/noelmontreal.ca\/villagedenoel\/wp-content\/uploads\/sites\/2\/2023\/11\/inbound6926298973165753029-Dave-Dery-890x1024.jpg\" alt=\"\" class=\"wp-image-1821\" srcset=\"https:\/\/noelmontreal.ca\/villagedenoel\/wp-content\/uploads\/sites\/2\/2023\/11\/inbound6926298973165753029-Dave-Dery-890x1024.jpg 890w, https:\/\/noelmontreal.ca\/villagedenoel\/wp-content\/uploads\/sites\/2\/2023\/11\/inbound6926298973165753029-Dave-Dery-261x300.jpg 261w, https:\/\/noelmontreal.ca\/villagedenoel\/wp-content\/uploads\/sites\/2\/2023\/11\/inbound6926298973165753029-Dave-Dery-768x883.jpg 768w, https:\/\/noelmontreal.ca\/villagedenoel\/wp-content\/uploads\/sites\/2\/2023\/11\/inbound6926298973165753029-Dave-Dery.jpg 1079w\" sizes=\"(max-width: 890px) 100vw, 890px\" \/><\/figure>\n\n\n\n<p><\/p>\n\n\n\n<div style=\"height:20px\" aria-hidden=\"true\" class=\"wp-block-spacer\"><\/div>\n<\/div>\n\n\n\n<div class=\"wp-block-column cf-detail-col is-layout-flow wp-block-column-is-layout-flow\" style=\"flex-basis:33.33%\">\n<div style=\"height:34px\" aria-hidden=\"true\" class=\"wp-block-spacer\"><\/div>\n\n\n\n<div class=\"wp-block-group cf-detail-col-part1 has-white-color has-text-color has-background\" style=\"background-color:#254981\"><div class=\"wp-block-group__inner-container is-layout-flow wp-block-group-is-layout-flow\">\n<p class=\"has-text-align-left\">Musique Live<\/p>\n\n\n\n<p>Date : Jeudi 20 novembre 2023<\/p>\n\n\n\n<p>Heure : 17h30<\/p>\n<\/div><\/div>\n\n\n\n<div class=\"wp-block-group cf-detail-col-part2 has-background\" style=\"background-color:#f2f2f2\"><div class=\"wp-block-group__inner-container is-layout-flow wp-block-group-is-layout-flow\">\n<div style=\"height:20px\" aria-hidden=\"true\" class=\"wp-block-spacer\"><\/div>\n\n\n\n<ul class=\"wp-block-social-links has-icon-color has-icon-background-color is-content-justification-center is-layout-flex wp-container-core-social-links-is-layout-16018d1d wp-block-social-links-is-layout-flex\"><li style=\"color: #ffffff; background-color: #254981; \" class=\"wp-social-link wp-social-link-chain has-white-color wp-block-social-link\"><a href=\"https:\/\/www.davedery.com%20\" class=\"wp-block-social-link-anchor\"><svg width=\"24\" height=\"24\" viewBox=\"0 0 24 24\" version=\"1.1\" xmlns=\"http:\/\/www.w3.org\/2000\/svg\" aria-hidden=\"true\" focusable=\"false\"><path d=\"M15.6,7.2H14v1.5h1.6c2,0,3.7,1.7,3.7,3.7s-1.7,3.7-3.7,3.7H14v1.5h1.6c2.8,0,5.2-2.3,5.2-5.2,0-2.9-2.3-5.2-5.2-5.2zM4.7,12.4c0-2,1.7-3.7,3.7-3.7H10V7.2H8.4c-2.9,0-5.2,2.3-5.2,5.2,0,2.9,2.3,5.2,5.2,5.2H10v-1.5H8.4c-2,0-3.7-1.7-3.7-3.7zm4.6.9h5.3v-1.5H9.3v1.5z\"><\/path><\/svg><span class=\"wp-block-social-link-label screen-reader-text\">Link<\/span><\/a><\/li><\/ul>\n\n\n\n<div style=\"height:4px\" aria-hidden=\"true\" class=\"wp-block-spacer\"><\/div>\n<\/div><\/div>\n<\/div>\n<\/div>\n","protected":false},"excerpt":{"rendered":"<p>Dave Dery est un jeune pianiste qui a eu l&rsquo;occasion de collaborer comme Pianiste pour plusieurs artistes qui ont fait La Voix et Star Acad\u00e9mie comme Yama Laurent, Dashny Jules, Chlo\u00e9 Doyon et a particip\u00e9 dans le premier EP de Tommy Tremblay, qui s&rsquo;intitule Petitom, comme arrangeur sur la chanson: \u00ab\u00a0I forgot, What is Love?\u00a0\u00bb. [&hellip;]<\/p>\n","protected":false},"featured_media":1820,"template":"","format":"standard","tags":[],"type_de_prestation":[145],"jour":[153],"class_list":["post-1819","programmation","type-programmation","status-publish","format-standard","has-post-thumbnail","hentry","type_de_prestation-musique-live","jour-30-novembre"],"aioseo_notices":[],"_links":{"self":[{"href":"https:\/\/noelmontreal.ca\/villagedenoel\/wp-json\/wp\/v2\/programmation\/1819","targetHints":{"allow":["GET"]}}],"collection":[{"href":"https:\/\/noelmontreal.ca\/villagedenoel\/wp-json\/wp\/v2\/programmation"}],"about":[{"href":"https:\/\/noelmontreal.ca\/villagedenoel\/wp-json\/wp\/v2\/types\/programmation"}],"version-history":[{"count":1,"href":"https:\/\/noelmontreal.ca\/villagedenoel\/wp-json\/wp\/v2\/programmation\/1819\/revisions"}],"predecessor-version":[{"id":1822,"href":"https:\/\/noelmontreal.ca\/villagedenoel\/wp-json\/wp\/v2\/programmation\/1819\/revisions\/1822"}],"wp:featuredmedia":[{"embeddable":true,"href":"https:\/\/noelmontreal.ca\/villagedenoel\/wp-json\/wp\/v2\/media\/1820"}],"wp:attachment":[{"href":"https:\/\/noelmontreal.ca\/villagedenoel\/wp-json\/wp\/v2\/media?parent=1819"}],"wp:term":[{"taxonomy":"post_tag","embeddable":true,"href":"https:\/\/noelmontreal.ca\/villagedenoel\/wp-json\/wp\/v2\/tags?post=1819"},{"taxonomy":"type_de_prestation","embeddable":true,"href":"https:\/\/noelmontreal.ca\/villagedenoel\/wp-json\/wp\/v2\/type_de_prestation?post=1819"},{"taxonomy":"jour","embeddable":true,"href":"https:\/\/noelmontreal.ca\/villagedenoel\/wp-json\/wp\/v2\/jour?post=1819"}],"curies":[{"name":"wp","href":"https:\/\/api.w.org\/{rel}","templated":true}]}}